{"id":2835,"date":"2021-06-28T14:17:11","date_gmt":"2021-06-28T12:17:11","guid":{"rendered":"https:\/\/www.campinglessablettes.com\/camping-pas-cher-grau-agde\/"},"modified":"2021-09-29T14:19:07","modified_gmt":"2021-09-29T12:19:07","slug":"billig-camping-grau-agde","status":"publish","type":"page","link":"https:\/\/www.campinglessablettes.com\/de\/billig-camping-grau-agde\/","title":{"rendered":"Tarifs"},"content":{"rendered":"<section id=\"section-60df0f78801ee\"\" class=\"section bg-white\" \/><div class=\"container extralarge\"><h1 class=\"element section-title center sablettes-citation color2\">Unsere besten Preise in Grau d&#8217;Agde<\/h1><\/div><\/section>\n\n<section id=\"section-60f04f369e4e4\"\" class=\"section bg-white\" \/><div class=\"container large\"><div class=\"element bloc-text\">\n\t<script>\r\n    window.ctoutvert = {\r\n\t\tid: 2802, \r\n\t\tlang: 'auto', \r\n\t\turl: 'https:\/\/bookingpremium.secureholiday.net\/widgets\/'\r\n    };\r\n\r\n    (function (w, d, s, ctv, r, js, fjs) {\r\n        r=new XMLHttpRequest();r.open('GET',w[ctv].url+'js\/src.json');\r\n        r.responseType='json';r.json=true;r.send();\r\n        r.onload=function(){w[ctv].src=r.responseType=='json'?r.response:JSON.parse(r.response);\r\n        js.src=w[ctv].src[0];fjs.parentNode.insertBefore(js, fjs);}\r\n        js=d.createElement(s),fjs=d.getElementsByTagName(s)[0];\r\n        js.id='ctvwidget';js.async=1;\r\n    }(window, document, 'script', 'ctoutvert'));\r\n<\/script>\r\n<ctv-availability data-background-color='#FFFFFFFF' ><\/ctv-availability><\/div><\/div><\/section>\n\n<section id=\"section-60df0f7880903\"\" class=\"section bg-white p-t-0 p-b-0\" \/><div class=\"container full\"><div class=\"colonnes-wrap valign-middle \"><div class=\"element colonne p-0 cadre\"><div class=\"element images\"><div class=\"image\"><img decoding=\"async\" src=\"https:\/\/www.campinglessablettes.com\/wp-content\/uploads\/2021\/07\/camping-pas-cher-herault-100x68.jpg\" data-src=\"https:\/\/www.campinglessablettes.com\/wp-content\/uploads\/2021\/07\/camping-pas-cher-herault.jpg\" alt=\"camping pas cher herault\" class=\"images_image\" \/><\/div><\/div><\/div><div class=\"element colonne p-6\"><h2 class=\"element section-title left color1 beige-border-right\">G\u00fcnstige Vermietungen in Agde<\/h2><div class=\"element bloc-text left \">\n\t<p>Sie suchen einen 3-Sterne-Campingplatz am Meer zu einem g\u00fcnstigen Preis?<\/p>\n<p>Sie haben es gerade gefunden! Unser <a href=\"\/de\/\">Camping am Cap d&#8217;Agde<\/a> bietet allen Campingfreunden die M\u00f6glichkeit, am Mittelmeer in der Region Languedoc-Roussillon in Okzitanien zum <strong class=\"bold color1\">besten Preis-Leistungs-Verh\u00e4ltnis<\/strong> zu wohnen. <\/p>\n<p>Ob Sie sich f\u00fcr eine Mobilheim-Vermietung in Agde, ein Chalet in Cap d&#8217;Agde, ein umgebautes Zelt in Grau d&#8217;Agde oder einen Stellplatz auf einem Campingplatz entscheiden, wir garantieren Ihnen die <strong class=\"bold color1\">besten verf\u00fcgbaren Preise<\/strong> f\u00fcr g\u00fcnstige Campingpl\u00e4tze in Cap d&#8217;Agde. <\/p>\n<\/div><h2 class=\"element section-title left color1 beige-border-right m-t-4\">Ein weiterer guter Plan! <\/h2><div class=\"element bloc-text left \">\n\t<p>Eine Woche bezahlt = eine Woche frei* (die g\u00fcnstigere von beiden).<\/p>\n<p>Mietangebot (Mobilheim oder Chalet) vom 10\/04 bis 10\/07 und vom 28\/08 bis 03\/10.<\/p>\n<p><strong class=\"bold color1\">Aktionsort<\/strong> vom 09\/04 bis 09\/07 und vom 28\/08 bis 02\/10 :<\/p>\n<ul>\n<li><strong class=\"bold color1\">6 N\u00e4chte<\/strong> = 7 N\u00e4chte (d.h. eine Woche bezahlt = eine Woche frei* (je nachdem, was g\u00fcnstiger ist)<\/li>\n<\/ul>\n<p>Vom 02\/07 bis 28\/08 -5% auf Ihren 21-N\u00e4chte-Aufenthalt in einem Mobilheim\/Chalet\/m\u00f6blierten Zelt vom 02\/07 bis 28\/08.<\/p>\n<\/div><\/div><\/div><\/div><\/section>\n\n<section id=\"section-prix1\"\" class=\"section bg-white p-t-0\" \/><div class=\"container full\"><div class=\"accordeon\"><div class=\"slide \"><div class=\"slide_image\"><img decoding=\"async\" src=\"https:\/\/www.campinglessablettes.com\/wp-content\/uploads\/2021\/09\/bon-plan-sablettes-100x67.jpg\" data-src=\"https:\/\/www.campinglessablettes.com\/wp-content\/uploads\/2021\/09\/bon-plan-sablettes.jpg\" alt=\"bon-plan-sablettes\" class=\"\" \/><\/div><\/div><div class=\"slide \"><div class=\"slide_image\"><img decoding=\"async\" src=\"https:\/\/www.campinglessablettes.com\/wp-content\/uploads\/2021\/08\/camping-long-sejour-agde--100x67.jpg\" data-src=\"https:\/\/www.campinglessablettes.com\/wp-content\/uploads\/2021\/08\/camping-long-sejour-agde-.jpg\" alt=\"camping long sejour agde\" class=\"\" \/><\/div><\/div><div class=\"slide \"><div class=\"slide_image\"><img decoding=\"async\" src=\"https:\/\/www.campinglessablettes.com\/wp-content\/uploads\/2021\/08\/camping-location-mobilhome-agde--100x67.jpg\" data-src=\"https:\/\/www.campinglessablettes.com\/wp-content\/uploads\/2021\/08\/camping-location-mobilhome-agde-.jpg\" alt=\"camping location mobilhome agde\" class=\"\" \/><\/div><\/div><div class=\"slide \"><div class=\"slide_image\"><img decoding=\"async\" src=\"https:\/\/www.campinglessablettes.com\/wp-content\/uploads\/2021\/08\/camping-meilleur-prix-agde--100x67.jpg\" data-src=\"https:\/\/www.campinglessablettes.com\/wp-content\/uploads\/2021\/08\/camping-meilleur-prix-agde-.jpg\" alt=\"camping meilleur prix agde\" class=\"\" \/><\/div><\/div><\/div><\/div><\/section>\n\n<section id=\"section-60df0f7880bc8\"\" class=\"section bg-color4 p-t-0 p-b-0\" \/><div class=\"container full\"><div class=\"colonnes-wrap valign-middle \"><div class=\"element colonne p-6\"><h2 class=\"element section-title left white blue-border-left\">Das beste Preis-Leistungs-Verh\u00e4ltnis im H\u00e9rault<\/h2><div class=\"element bloc-text left \">\n\t<p>Entdecken Sie unsere <strong class=\"bold color3\">Rabatte<\/strong> und <strong class=\"bold color3\">Aktionen<\/strong> f\u00fcr die Vermietung von Chalets in Cap d&#8217;Agde, Mobilheimen und umgebauten Zelten. <\/p>\n<p>Sie haben Zeit und m\u00f6chten einen l\u00e4ngeren Aufenthalt auf unserem Campingplatz genie\u00dfen, ohne in ein Mobilheim zu investieren? Dann entdecken Sie unser <strong class=\"bold color3\">Spezialangebot f\u00fcr Langzeitaufenthalte im Mobilheim<\/strong> zu einem g\u00fcnstigen Preis. <\/p>\n<p>In diesem speziellen Angebot f\u00fcr einen g\u00fcnstigen Langzeitaufenthalt haben Sie ein Mobilheim von April bis Anfang Juli und vom 1. bis 30. September (das Paket ist je nach den \u00d6ffnungs- und Schlie\u00dfungsdaten anpassbar). Ideal, um alle Vorteile der Nebensaison zu genie\u00dfen.<\/p>\n<p>Sie erhalten von uns den Schl\u00fcssel f\u00fcr ein Mobilheim, das Sie f\u00fcr den gew\u00fcnschten Zeitraum (au\u00dfer Juli und August) bewohnen werden. Es besteht die M\u00f6glichkeit, die ersten 15 Tage im Juli und die letzte Woche im August zu <strong class=\"bold color3\">attraktiven Preisen<\/strong> zu verl\u00e4ngern, indem Sie uns kontaktieren.<\/p>\n<p>Sie k\u00f6nnen innerhalb des vorgegebenen Zeitraums kommen und gehen, wie Sie wollen. Und das alles f\u00fcr weniger als 450\u20ac pro Monat, denn unser Langzeitpaket beginnt bei nur 1.720\u20ac f\u00fcr 2 Personen f\u00fcr 4 Monate (ohne Kurtaxe +0,66\u20ac\/Tag\/Person). <strong class=\"bold color3\">Viele Pakete verf\u00fcgbar<\/strong>! 2 Monate, 3 Monate oder 4 Monate. Rufen Sie uns an unter 04.67.94.36.65 f\u00fcr weitere Informationen.<\/p>\n<\/div><\/div><div class=\"element colonne p-0 cadre\"><div class=\"element images\"><div class=\"image\"><img decoding=\"async\" src=\"https:\/\/www.campinglessablettes.com\/wp-content\/uploads\/2021\/07\/camping-petit-prix-agde-1-100x68.jpg\" data-src=\"https:\/\/www.campinglessablettes.com\/wp-content\/uploads\/2021\/07\/camping-petit-prix-agde-1.jpg\" alt=\"camping petit prix agde\" class=\"images_image\" \/><\/div><\/div><\/div><\/div><\/div><\/section>\n\n<section id=\"section-prix2\"\" class=\"section bg-white p-t-0\" \/><div class=\"container full\"><div class=\"accordeon\"><div class=\"slide \"><div class=\"slide_image\"><img decoding=\"async\" src=\"https:\/\/www.campinglessablettes.com\/wp-content\/uploads\/2021\/09\/petanque-promo-100x67.jpg\" data-src=\"https:\/\/www.campinglessablettes.com\/wp-content\/uploads\/2021\/09\/petanque-promo.jpg\" alt=\"petanque-promo\" class=\"\" \/><\/div><\/div><div class=\"slide \"><div class=\"slide_image\"><img decoding=\"async\" src=\"https:\/\/www.campinglessablettes.com\/wp-content\/uploads\/2021\/08\/camping-petit-prix-herault-100x67.jpg\" data-src=\"https:\/\/www.campinglessablettes.com\/wp-content\/uploads\/2021\/08\/camping-petit-prix-herault.jpg\" alt=\"camping petit prix herault\" class=\"\" \/><\/div><\/div><div class=\"slide \"><div class=\"slide_image\"><img decoding=\"async\" src=\"https:\/\/www.campinglessablettes.com\/wp-content\/uploads\/2021\/09\/velo-famille-sablettes-100x67.jpg\" data-src=\"https:\/\/www.campinglessablettes.com\/wp-content\/uploads\/2021\/09\/velo-famille-sablettes.jpg\" alt=\"velo-famille-sablettes\" class=\"\" \/><\/div><\/div><div class=\"slide \"><div class=\"slide_image\"><img decoding=\"async\" src=\"https:\/\/www.campinglessablettes.com\/wp-content\/uploads\/2021\/09\/sablettes-camping-pa-chers-100x67.jpg\" data-src=\"https:\/\/www.campinglessablettes.com\/wp-content\/uploads\/2021\/09\/sablettes-camping-pa-chers.jpg\" alt=\"sablettes-camping-pas-chers\" class=\"\" \/><\/div><\/div><\/div><\/div><\/section>\n\n<section id=\"section-60df0f788121c\"\" class=\"section bg-white\" \/><div class=\"container extralarge\"><div class=\"element section-title center titre-cta\">Erfahren Sie mehr \u00fcber die Vermietungen und Stellpl\u00e4tze<\/div><div class=\"colonnes-wrap valign-middle \"><div class=\"element colonne \"><div class=\"element call-to-action  call-to-action--style-3 call-to-action--big\"><a href=\"https:\/\/www.campinglessablettes.com\/de\/standort-mobil-heim-graue-agde\/\" class=\"call-to-action_link\" title=\"Lesen Sie mehr \u00fcber vermietungen\"><div class=\"call-to-action_image\"><img decoding=\"async\" src=\"https:\/\/www.campinglessablettes.com\/wp-content\/uploads\/2021\/07\/location-mobil-home-agde-100x75.jpg\" data-src=\"https:\/\/www.campinglessablettes.com\/wp-content\/uploads\/2021\/07\/location-mobil-home-agde.jpg\" alt=\"location mobil home agde\" class=\"big\" \/><\/div><div class=\"call-to-action_contenu\"><div class=\"call-to-action_titre\">Vermietungen<\/div><\/div><\/a><\/div><\/div><div class=\"element colonne \"><div class=\"element call-to-action  call-to-action--style-3 call-to-action--big\"><a href=\"https:\/\/www.campinglessablettes.com\/de\/standort-grau-agde\/\" class=\"call-to-action_link\" title=\"Lesen Sie mehr \u00fcber standorte\"><div class=\"call-to-action_image\"><img decoding=\"async\" src=\"https:\/\/www.campinglessablettes.com\/wp-content\/uploads\/2021\/07\/location-emplacement-herault-100x75.jpg\" data-src=\"https:\/\/www.campinglessablettes.com\/wp-content\/uploads\/2021\/07\/location-emplacement-herault.jpg\" alt=\"location emplacemen herault\" class=\"big\" \/><\/div><div class=\"call-to-action_contenu\"><div class=\"call-to-action_titre\">Standorte<\/div><\/div><\/a><\/div><\/div><div class=\"element colonne \"><div class=\"element call-to-action  call-to-action--style-3 call-to-action--big\"><a href=\"https:\/\/www.campinglessablettes.com\/de\/camping-animationen-grau-agde\/\" class=\"call-to-action_link\" title=\"Lesen Sie mehr \u00fcber aktivit\u00e4ten und unterhaltung\"><div class=\"call-to-action_image\"><img decoding=\"async\" src=\"https:\/\/www.campinglessablettes.com\/wp-content\/uploads\/2021\/07\/camping-aire-jeux-herault-100x75.jpg\" data-src=\"https:\/\/www.campinglessablettes.com\/wp-content\/uploads\/2021\/07\/camping-aire-jeux-herault.jpg\" alt=\"camping aire jeux herault\" class=\"big\" \/><\/div><div class=\"call-to-action_contenu\"><div class=\"call-to-action_titre\">Aktivit\u00e4ten und Unterhaltung<\/div><\/div><\/a><\/div><\/div><\/div><\/div><\/section>","protected":false},"excerpt":{"rendered":"","protected":false},"author":1,"featured_media":3702,"parent":0,"menu_order":0,"comment_status":"closed","ping_status":"closed","template":"","meta":{"_acf_changed":false,"footnotes":""},"class_list":["post-2835","page","type-page","status-publish","has-post-thumbnail","hentry"],"acf":[],"yoast_head":"<!-- This site is optimized with the Yoast SEO plugin v23.4 - https:\/\/yoast.com\/wordpress\/plugins\/seo\/ -->\n<title>Billigste Campingpl\u00e4tze in H\u00e9rault | Billigste Campingpl\u00e4tze in Grau d&#039;Agde<\/title>\n<meta name=\"robots\" content=\"index, follow, max-snippet:-1, max-image-preview:large, max-video-preview:-1\" \/>\n<link rel=\"canonical\" href=\"https:\/\/www.campinglessablettes.com\/de\/billig-camping-grau-agde\/\" \/>\n<meta property=\"og:locale\" content=\"de_DE\" \/>\n<meta property=\"og:type\" content=\"article\" \/>\n<meta property=\"og:title\" content=\"Billigste Campingpl\u00e4tze in H\u00e9rault | Billigste Campingpl\u00e4tze in Grau d&#039;Agde\" \/>\n<meta property=\"og:url\" content=\"https:\/\/www.campinglessablettes.com\/de\/billig-camping-grau-agde\/\" \/>\n<meta property=\"og:site_name\" content=\"Camping les Sablettes\" \/>\n<meta property=\"article:modified_time\" content=\"2021-09-29T12:19:07+00:00\" \/>\n<meta property=\"og:image\" content=\"https:\/\/www.campinglessablettes.com\/wp-content\/uploads\/2021\/09\/emplacement-sablettes.jpg\" \/>\n\t<meta property=\"og:image:width\" content=\"1900\" \/>\n\t<meta property=\"og:image:height\" content=\"600\" \/>\n\t<meta property=\"og:image:type\" content=\"image\/jpeg\" \/>\n<meta name=\"twitter:card\" content=\"summary_large_image\" \/>\n<script type=\"application\/ld+json\" class=\"yoast-schema-graph\">{\"@context\":\"https:\/\/schema.org\",\"@graph\":[{\"@type\":\"WebPage\",\"@id\":\"https:\/\/www.campinglessablettes.com\/de\/billig-camping-grau-agde\/\",\"url\":\"https:\/\/www.campinglessablettes.com\/de\/billig-camping-grau-agde\/\",\"name\":\"Billigste Campingpl\u00e4tze in H\u00e9rault | Billigste Campingpl\u00e4tze in Grau d'Agde\",\"isPartOf\":{\"@id\":\"https:\/\/www.campinglessablettes.com\/de\/#website\"},\"primaryImageOfPage\":{\"@id\":\"https:\/\/www.campinglessablettes.com\/de\/billig-camping-grau-agde\/#primaryimage\"},\"image\":{\"@id\":\"https:\/\/www.campinglessablettes.com\/de\/billig-camping-grau-agde\/#primaryimage\"},\"thumbnailUrl\":\"https:\/\/www.campinglessablettes.com\/wp-content\/uploads\/2021\/09\/emplacement-sablettes.jpg\",\"datePublished\":\"2021-06-28T12:17:11+00:00\",\"dateModified\":\"2021-09-29T12:19:07+00:00\",\"breadcrumb\":{\"@id\":\"https:\/\/www.campinglessablettes.com\/de\/billig-camping-grau-agde\/#breadcrumb\"},\"inLanguage\":\"de\",\"potentialAction\":[{\"@type\":\"ReadAction\",\"target\":[\"https:\/\/www.campinglessablettes.com\/de\/billig-camping-grau-agde\/\"]}]},{\"@type\":\"ImageObject\",\"inLanguage\":\"de\",\"@id\":\"https:\/\/www.campinglessablettes.com\/de\/billig-camping-grau-agde\/#primaryimage\",\"url\":\"https:\/\/www.campinglessablettes.com\/wp-content\/uploads\/2021\/09\/emplacement-sablettes.jpg\",\"contentUrl\":\"https:\/\/www.campinglessablettes.com\/wp-content\/uploads\/2021\/09\/emplacement-sablettes.jpg\",\"width\":1900,\"height\":600,\"caption\":\"emplacement-sablettes\"},{\"@type\":\"BreadcrumbList\",\"@id\":\"https:\/\/www.campinglessablettes.com\/de\/billig-camping-grau-agde\/#breadcrumb\",\"itemListElement\":[{\"@type\":\"ListItem\",\"position\":1,\"name\":\"Camping H\u00e9rault\",\"item\":\"https:\/\/www.campinglessablettes.com\/de\/\"},{\"@type\":\"ListItem\",\"position\":2,\"name\":\"Bester Preis f\u00fcr Camping in Agde\"}]},{\"@type\":\"WebSite\",\"@id\":\"https:\/\/www.campinglessablettes.com\/de\/#website\",\"url\":\"https:\/\/www.campinglessablettes.com\/de\/\",\"name\":\"Camping les Sablettes\",\"description\":\"\",\"publisher\":{\"@id\":\"https:\/\/www.campinglessablettes.com\/de\/#organization\"},\"potentialAction\":[{\"@type\":\"SearchAction\",\"target\":{\"@type\":\"EntryPoint\",\"urlTemplate\":\"https:\/\/www.campinglessablettes.com\/de\/?s={search_term_string}\"},\"query-input\":{\"@type\":\"PropertyValueSpecification\",\"valueRequired\":true,\"valueName\":\"search_term_string\"}}],\"inLanguage\":\"de\"},{\"@type\":\"Organization\",\"@id\":\"https:\/\/www.campinglessablettes.com\/de\/#organization\",\"name\":\"Camping Les Sablettes\",\"url\":\"https:\/\/www.campinglessablettes.com\/de\/\",\"logo\":{\"@type\":\"ImageObject\",\"inLanguage\":\"de\",\"@id\":\"https:\/\/www.campinglessablettes.com\/de\/#\/schema\/logo\/image\/\",\"url\":\"https:\/\/www.campinglessablettes.com\/wp-content\/uploads\/2021\/06\/logo-camping-sablettes.png\",\"contentUrl\":\"https:\/\/www.campinglessablettes.com\/wp-content\/uploads\/2021\/06\/logo-camping-sablettes.png\",\"width\":210,\"height\":157,\"caption\":\"Camping Les Sablettes\"},\"image\":{\"@id\":\"https:\/\/www.campinglessablettes.com\/de\/#\/schema\/logo\/image\/\"}}]}<\/script>\n<!-- \/ Yoast SEO plugin. -->","yoast_head_json":{"title":"Billigste Campingpl\u00e4tze in H\u00e9rault | Billigste Campingpl\u00e4tze in Grau d'Agde","robots":{"index":"index","follow":"follow","max-snippet":"max-snippet:-1","max-image-preview":"max-image-preview:large","max-video-preview":"max-video-preview:-1"},"canonical":"https:\/\/www.campinglessablettes.com\/de\/billig-camping-grau-agde\/","og_locale":"de_DE","og_type":"article","og_title":"Billigste Campingpl\u00e4tze in H\u00e9rault | Billigste Campingpl\u00e4tze in Grau d'Agde","og_url":"https:\/\/www.campinglessablettes.com\/de\/billig-camping-grau-agde\/","og_site_name":"Camping les Sablettes","article_modified_time":"2021-09-29T12:19:07+00:00","og_image":[{"width":1900,"height":600,"url":"https:\/\/www.campinglessablettes.com\/wp-content\/uploads\/2021\/09\/emplacement-sablettes.jpg","type":"image\/jpeg"}],"twitter_card":"summary_large_image","schema":{"@context":"https:\/\/schema.org","@graph":[{"@type":"WebPage","@id":"https:\/\/www.campinglessablettes.com\/de\/billig-camping-grau-agde\/","url":"https:\/\/www.campinglessablettes.com\/de\/billig-camping-grau-agde\/","name":"Billigste Campingpl\u00e4tze in H\u00e9rault | Billigste Campingpl\u00e4tze in Grau d'Agde","isPartOf":{"@id":"https:\/\/www.campinglessablettes.com\/de\/#website"},"primaryImageOfPage":{"@id":"https:\/\/www.campinglessablettes.com\/de\/billig-camping-grau-agde\/#primaryimage"},"image":{"@id":"https:\/\/www.campinglessablettes.com\/de\/billig-camping-grau-agde\/#primaryimage"},"thumbnailUrl":"https:\/\/www.campinglessablettes.com\/wp-content\/uploads\/2021\/09\/emplacement-sablettes.jpg","datePublished":"2021-06-28T12:17:11+00:00","dateModified":"2021-09-29T12:19:07+00:00","breadcrumb":{"@id":"https:\/\/www.campinglessablettes.com\/de\/billig-camping-grau-agde\/#breadcrumb"},"inLanguage":"de","potentialAction":[{"@type":"ReadAction","target":["https:\/\/www.campinglessablettes.com\/de\/billig-camping-grau-agde\/"]}]},{"@type":"ImageObject","inLanguage":"de","@id":"https:\/\/www.campinglessablettes.com\/de\/billig-camping-grau-agde\/#primaryimage","url":"https:\/\/www.campinglessablettes.com\/wp-content\/uploads\/2021\/09\/emplacement-sablettes.jpg","contentUrl":"https:\/\/www.campinglessablettes.com\/wp-content\/uploads\/2021\/09\/emplacement-sablettes.jpg","width":1900,"height":600,"caption":"emplacement-sablettes"},{"@type":"BreadcrumbList","@id":"https:\/\/www.campinglessablettes.com\/de\/billig-camping-grau-agde\/#breadcrumb","itemListElement":[{"@type":"ListItem","position":1,"name":"Camping H\u00e9rault","item":"https:\/\/www.campinglessablettes.com\/de\/"},{"@type":"ListItem","position":2,"name":"Bester Preis f\u00fcr Camping in Agde"}]},{"@type":"WebSite","@id":"https:\/\/www.campinglessablettes.com\/de\/#website","url":"https:\/\/www.campinglessablettes.com\/de\/","name":"Camping les Sablettes","description":"","publisher":{"@id":"https:\/\/www.campinglessablettes.com\/de\/#organization"},"potentialAction":[{"@type":"SearchAction","target":{"@type":"EntryPoint","urlTemplate":"https:\/\/www.campinglessablettes.com\/de\/?s={search_term_string}"},"query-input":{"@type":"PropertyValueSpecification","valueRequired":true,"valueName":"search_term_string"}}],"inLanguage":"de"},{"@type":"Organization","@id":"https:\/\/www.campinglessablettes.com\/de\/#organization","name":"Camping Les Sablettes","url":"https:\/\/www.campinglessablettes.com\/de\/","logo":{"@type":"ImageObject","inLanguage":"de","@id":"https:\/\/www.campinglessablettes.com\/de\/#\/schema\/logo\/image\/","url":"https:\/\/www.campinglessablettes.com\/wp-content\/uploads\/2021\/06\/logo-camping-sablettes.png","contentUrl":"https:\/\/www.campinglessablettes.com\/wp-content\/uploads\/2021\/06\/logo-camping-sablettes.png","width":210,"height":157,"caption":"Camping Les Sablettes"},"image":{"@id":"https:\/\/www.campinglessablettes.com\/de\/#\/schema\/logo\/image\/"}}]}},"_links":{"self":[{"href":"https:\/\/www.campinglessablettes.com\/de\/wp-json\/wp\/v2\/pages\/2835","targetHints":{"allow":["GET"]}}],"collection":[{"href":"https:\/\/www.campinglessablettes.com\/de\/wp-json\/wp\/v2\/pages"}],"about":[{"href":"https:\/\/www.campinglessablettes.com\/de\/wp-json\/wp\/v2\/types\/page"}],"author":[{"embeddable":true,"href":"https:\/\/www.campinglessablettes.com\/de\/wp-json\/wp\/v2\/users\/1"}],"replies":[{"embeddable":true,"href":"https:\/\/www.campinglessablettes.com\/de\/wp-json\/wp\/v2\/comments?post=2835"}],"version-history":[{"count":25,"href":"https:\/\/www.campinglessablettes.com\/de\/wp-json\/wp\/v2\/pages\/2835\/revisions"}],"predecessor-version":[{"id":4657,"href":"https:\/\/www.campinglessablettes.com\/de\/wp-json\/wp\/v2\/pages\/2835\/revisions\/4657"}],"wp:featuredmedia":[{"embeddable":true,"href":"https:\/\/www.campinglessablettes.com\/de\/wp-json\/wp\/v2\/media\/3702"}],"wp:attachment":[{"href":"https:\/\/www.campinglessablettes.com\/de\/wp-json\/wp\/v2\/media?parent=2835"}],"curies":[{"name":"wp","href":"https:\/\/api.w.org\/{rel}","templated":true}]}}